{"id":1173,"date":"2025-01-16T12:59:38","date_gmt":"2025-01-16T12:59:38","guid":{"rendered":"https:\/\/imlechtal.vorfreude.website\/skifahren\/"},"modified":"2025-03-03T07:58:15","modified_gmt":"2025-03-03T07:58:15","slug":"skifahren","status":"publish","type":"page","link":"https:\/\/imlechtal.at\/nl\/skifahren\/","title":{"rendered":"Skien"},"content":{"rendered":"<div class=\"wpb-content-wrapper\"><p>[vc_row css=&#8221;.vc_custom_1736503663254{margin-right: 5px !important;margin-left: 5px !important;}&#8221;][vc_column width=&#8221;1\/3&#8243;][\/vc_column][vc_column width=&#8221;1\/3&#8243;][vc_empty_space height=&#8221;50&#8243;][vc_custom_heading text=&#8221;LECHTALER&#8221; font_container=&#8221;tag:h2|font_size:20|text_align:center|color:%23A39687&#8243; use_theme_fonts=&#8221;yes&#8221; css=&#8221;&#8221;][vc_custom_heading text=&#8221;SKIGEBIEDEN&#8221; font_container=&#8221;tag:h2|font_size:35|text_align:center|color:%23A39687&#8243; use_theme_fonts=&#8221;yes&#8221; css=&#8221;.vc_custom_1740988637500{margin-top: -20px !important;}&#8221;][vc_empty_space height=&#8221;20&#8243;][vc_row_inner gap=&#8221;15&#8243;][vc_column_inner][vc_column_text css=&#8221;&#8221;]<\/p>\n<div class=\"Container_container___aGIG Breadcrumb_breadcrumb__ZRSMG Default_breadcrumb__bRExA\">\n<div class=\"Breadcrumb_wrapper__lszLm\">\n<div class=\"Container_container___aGIG Breadcrumb_breadcrumb__ZRSMG Default_breadcrumb__bRExA\">\n<div class=\"Breadcrumb_wrapper__lszLm\">\n<p style=\"text-align: center;\">De perfect geprepareerde pistes maken het afdalen van de besneeuwde hellingen tot een waar genoegen. In de skigebieden van het Lechtal kunnen kleine en grote skiliefhebbers in alle rust hun kunnen en techniek verbeteren.<\/p>\n<p style=\"text-align: center;\">Ski-tickets zijn te verkrijgen aan de kassa\u2019s van de skiliften.<\/p>\n<\/div>\n<\/div>\n<\/div>\n<\/div>\n<p>[\/vc_column_text][\/vc_column_inner][\/vc_row_inner][vc_empty_space height=&#8221;20&#8243;][\/vc_column][vc_column width=&#8221;1\/3&#8243;][\/vc_column][\/vc_row][vc_row full_width=&#8221;stretch_row&#8221; css=&#8221;.vc_custom_1738074719190{margin-right: 5px !important;margin-left: 5px !important;background-color: #E4E0DB !important;background-position: center !important;background-repeat: no-repeat !important;background-size: cover !important;}&#8221;][vc_column width=&#8221;1\/6&#8243;][\/vc_column][vc_column width=&#8221;2\/3&#8243;][vc_empty_space height=&#8221;50&#8243;][vc_row_inner content_placement=&#8221;top&#8221; gap=&#8221;15&#8243;][vc_column_inner width=&#8221;1\/3&#8243;][vc_single_image image=&#8221;1436&#8243; img_size=&#8221;full&#8221; css_animation=&#8221;none&#8221; css=&#8221;&#8221;][vc_empty_space height=&#8221;20&#8243;][vc_custom_heading text=&#8221;SONNENLIFT&#8221; font_container=&#8221;tag:h2|font_size:20|text_align:left|color:%23A39687&#8243; use_theme_fonts=&#8221;yes&#8221; css=&#8221;&#8221;][vc_column_text css=&#8221;&#8221;]In Elbigenalp, midden in het wondermooie Lechtal, vindt men de Sonnenlift. Aan de rand van het dorp staan vier liften, alsook drie blauwe en \u00e9\u00e9n rode skipiste te uwer beschikking. Vooral geschikt voor families en beginners.[\/vc_column_text][vc_btn title=&#8221;DETAILS&#8221; style=&#8221;outline-custom&#8221; outline_custom_color=&#8221;#BC2729&#8243; outline_custom_hover_background=&#8221;#BC2729&#8243; shape=&#8221;square&#8221; align=&#8221;left&#8221; css=&#8221;&#8221; link=&#8221;url:https%3A%2F%2Fwww.lechtal.at%2Fen%2Finfrastructures%2Fsonnenlift-elbigenalp.html|target:_blank&#8221;][\/vc_column_inner][vc_column_inner width=&#8221;1\/3&#8243;][vc_single_image image=&#8221;814&#8243; img_size=&#8221;full&#8221; css_animation=&#8221;none&#8221; css=&#8221;&#8221;][vc_empty_space height=&#8221;20&#8243;][vc_custom_heading text=&#8221;J\u00d6CHELSPITZE&#8221; font_container=&#8221;tag:h2|font_size:20|text_align:left|color:%23A39687&#8243; use_theme_fonts=&#8221;yes&#8221; css=&#8221;&#8221;][vc_column_text css=&#8221;&#8221;]<\/p>\n<div class=\"Container_container___aGIG Breadcrumb_breadcrumb__ZRSMG Default_breadcrumb__bRExA\">\n<p class=\"Breadcrumb_wrapper__lszLm\">De gondelbaan met cabines voor 8 personen brengt u snel en comfortabel naar 1800m, voor een prachtige ski-ervaring, met rondom u de adembenemende berglandschappen van de Lechtaler en de Allg\u00e4uer Alpen.<\/p>\n<\/div>\n<p>[\/vc_column_text][vc_btn title=&#8221;DETAILS&#8221; style=&#8221;outline-custom&#8221; outline_custom_color=&#8221;#BC2729&#8243; outline_custom_hover_background=&#8221;#BC2729&#8243; shape=&#8221;square&#8221; align=&#8221;left&#8221; css=&#8221;&#8221; link=&#8221;url:https%3A%2F%2Fwww.lechtaler-bergbahnen.at%2Fde%2Flechtaler-bergbahnen-1-1.html|target:_blank&#8221;][\/vc_column_inner][vc_column_inner width=&#8221;1\/3&#8243;][vc_single_image image=&#8221;990&#8243; img_size=&#8221;full&#8221; css_animation=&#8221;none&#8221; css=&#8221;&#8221;][vc_empty_space height=&#8221;20&#8243;][vc_custom_heading text=&#8221;SKI ARLBERG&#8221; font_container=&#8221;tag:h2|font_size:20|text_align:left|color:%23A39687&#8243; use_theme_fonts=&#8221;yes&#8221; css=&#8221;&#8221;][vc_column_text css=&#8221;&#8221;]<\/p>\n<div class=\"Container_container___aGIG Breadcrumb_breadcrumb__ZRSMG Default_breadcrumb__bRExA\">\n<div class=\"Breadcrumb_wrapper__lszLm\">\n<p>Met duizelingwekkende 305-kilometerlange afdalingen, 88 liften en meer dan 200 kilometer aan freeride-pistes en diepe sneeuw op de meest uiteenlopende hellingen, is perfect skiplezier gegarandeerd.<\/p>\n<\/div>\n<\/div>\n<p>[\/vc_column_text][vc_btn title=&#8221;DETAILS&#8221; style=&#8221;outline-custom&#8221; outline_custom_color=&#8221;#BC2729&#8243; outline_custom_hover_background=&#8221;#BC2729&#8243; shape=&#8221;square&#8221; align=&#8221;left&#8221; css=&#8221;&#8221; link=&#8221;url:https%3A%2F%2Fwww.skiarlberg.at%2Fen|target:_blank&#8221;][\/vc_column_inner][\/vc_row_inner][vc_empty_space height=&#8221;50&#8243;][\/vc_column][vc_column width=&#8221;1\/6&#8243;][\/vc_column][\/vc_row][vc_row][vc_column width=&#8221;1\/6&#8243;][\/vc_column][vc_column width=&#8221;2\/3&#8243;][vc_empty_space height=&#8221;50&#8243;][vc_row_inner content_placement=&#8221;middle&#8221; gap=&#8221;15&#8243;][vc_column_inner width=&#8221;1\/2&#8243;][vc_single_image image=&#8221;812&#8243; img_size=&#8221;full&#8221; css_animation=&#8221;none&#8221; css=&#8221;&#8221;][\/vc_column_inner][vc_column_inner width=&#8221;1\/2&#8243;][vc_custom_heading text=&#8221;SKIBUS&#8221; font_container=&#8221;tag:h2|font_size:20|text_align:left|color:%23A39687&#8243; use_theme_fonts=&#8221;yes&#8221; css=&#8221;&#8221;][vc_column_text css=&#8221;&#8221;]<\/p>\n<div class=\"Container_container___aGIG Breadcrumb_breadcrumb__ZRSMG Default_breadcrumb__bRExA\">\n<div class=\"Breadcrumb_wrapper__lszLm\">\n<p>Met een geldige ski-pass (Ski-Arlberg, 3-T\u00e4ler und Warth-Schr\u00f6cken) kunt u kosteloos gebruik maken van de ski-bus vanaf Reutte tot in het skigebied van Warth-Sch\u00f6cken.<\/p>\n<p>Voor Gasten die in het bezit zijn van een geldige Lechtal-gastenkaart, is de busrit tussen Reutte en Steeg kosteloos.<\/p>\n<\/div>\n<\/div>\n<p>[\/vc_column_text][vc_btn title=&#8221;DETAILS&#8221; style=&#8221;outline-custom&#8221; outline_custom_color=&#8221;#BC2729&#8243; outline_custom_hover_background=&#8221;#BC2729&#8243; shape=&#8221;square&#8221; align=&#8221;left&#8221; css=&#8221;&#8221; link=&#8221;url:https%3A%2F%2Fwww.lechtal.at%2Fen%2Fregion%2Fmobility%2Fregiobus.html|target:_blank&#8221;][\/vc_column_inner][\/vc_row_inner][vc_empty_space height=&#8221;50&#8243;][\/vc_column][vc_column width=&#8221;1\/6&#8243;][\/vc_column][\/vc_row][vc_row full_width=&#8221;stretch_row&#8221; disable_element=&#8221;yes&#8221; css=&#8221;.vc_custom_1738074046255{margin-right: 5px !important;margin-left: 5px !important;background-color: #E4E0DB !important;background-position: center !important;background-repeat: no-repeat !important;background-size: cover !important;}&#8221;][vc_column width=&#8221;1\/6&#8243;][\/vc_column][vc_column width=&#8221;2\/3&#8243;][vc_empty_space height=&#8221;50&#8243;][vc_row_inner content_placement=&#8221;middle&#8221; gap=&#8221;15&#8243;][vc_column_inner width=&#8221;1\/2&#8243;][vc_single_image image=&#8221;808&#8243; img_size=&#8221;full&#8221; css_animation=&#8221;bounceInLeft&#8221; css=&#8221;&#8221;][\/vc_column_inner][vc_column_inner width=&#8221;1\/2&#8243;][vc_custom_heading text=&#8221;WINTERSPORT&#8221; font_container=&#8221;tag:h2|font_size:20|text_align:left|color:%23A39687&#8243; google_fonts=&#8221;font_family:Roboto%3A100%2C100italic%2C300%2C300italic%2Cregular%2Citalic%2C500%2C500italic%2C700%2C700italic%2C900%2C900italic|font_style:400%20regular%3A400%3Anormal&#8221; css=&#8221;&#8221;][vc_custom_heading text=&#8221;SKI ARLBERG&#8221; font_container=&#8221;tag:h2|font_size:35|text_align:left|color:%23A39687&#8243; google_fonts=&#8221;font_family:Roboto%3A100%2C100italic%2C300%2C300italic%2Cregular%2Citalic%2C500%2C500italic%2C700%2C700italic%2C900%2C900italic|font_style:500%20bold%20regular%3A500%3Anormal&#8221; css=&#8221;.vc_custom_1737032507742{margin-top: -20px !important;}&#8221;][vc_empty_space height=&#8221;20&#8243;][vc_column_text css=&#8221;&#8221;]<strong>Die unglaublichen 305 Skiabfahrtskilometer, 88 Lifte und \u00fcber 200 Kilometer Tiefschneeabfahrten und Freeride-Pisten auf den unterschiedlichsten H\u00e4ngen garantieren perfekten Skispa\u00df!<\/strong><\/p>\n<p>Das Skigebiet SKI ARLBERG bietet Wintersportlern unendliche M\u00f6glichkeiten. Von Warth und Schr\u00f6cken bis nach Lech und Z\u00fcrs \u00fcber Stuben, St. Anton und St. Christoph, ist f\u00fcr jeden etwas dabei.[\/vc_column_text][vc_btn title=&#8221;MEHR ERFAHREN&#8221; style=&#8221;outline-custom&#8221; outline_custom_color=&#8221;#BC2729&#8243; outline_custom_hover_background=&#8221;#BC2729&#8243; shape=&#8221;square&#8221; align=&#8221;left&#8221; css=&#8221;&#8221; link=&#8221;url:https%3A%2F%2Fwww.skiarlberg.at%2Fde%2FWarth-Schroecken|target:_blank&#8221;][\/vc_column_inner][\/vc_row_inner][vc_empty_space height=&#8221;50&#8243;][\/vc_column][vc_column width=&#8221;1\/6&#8243;][\/vc_column][\/vc_row][vc_row full_width=&#8221;stretch_row&#8221; disable_element=&#8221;yes&#8221; css=&#8221;.vc_custom_1737032571597{background-image: url(https:\/\/imlechtal.at\/wp-content\/uploads\/2025\/01\/Hotel_Panorama_Ski_2.jpg?id=290) !important;background-position: center !important;background-repeat: no-repeat !important;background-size: cover !important;}&#8221;][vc_column width=&#8221;1\/6&#8243;][\/vc_column][vc_column width=&#8221;2\/3&#8243;][vc_empty_space height=&#8221;80&#8243;][vc_row_inner][vc_column_inner width=&#8221;1\/2&#8243;][\/vc_column_inner][vc_column_inner width=&#8221;1\/2&#8243;][vc_cta h2=&#8221;LECHTALER SKIGEBIETE&#8221; h2_font_container=&#8221;tag:h2|font_size:35|text_align:left|color:%23FFFFFF&#8221; h2_google_fonts=&#8221;font_family:Roboto%3A100%2C100italic%2C300%2C300italic%2Cregular%2Citalic%2C500%2C500italic%2C700%2C700italic%2C900%2C900italic|font_style:500%20bold%20regular%3A500%3Anormal&#8221; shape=&#8221;square&#8221; style=&#8221;custom&#8221; css=&#8221;.vc_custom_1737030341263{border-top-width: 1px !important;border-right-width: 1px !important;border-bottom-width: 1px !important;border-left-width: 1px !important;border-color: #BC2729 !important;}&#8221; use_custom_fonts_h2=&#8221;true&#8221; custom_background=&#8221;#BC2729&#8243; custom_text=&#8221;#FFFFFF&#8221;]<\/p>\n<div class=\"Container_container___aGIG Breadcrumb_breadcrumb__ZRSMG Default_breadcrumb__bRExA\">\n<div class=\"Breadcrumb_wrapper__lszLm\">\n<div class=\"Container_container___aGIG Breadcrumb_breadcrumb__ZRSMG Default_breadcrumb__bRExA\"><span style=\"color: #ffffff;\"><span style=\"font-size: 16px;\">Die <\/span>Lechtaler Skigebiete und Skilifte <span style=\"font-size: 16px;\">sind besonders gut f\u00fcr Anf\u00e4nger, Wiedereinsteiger und Familien geeignet. Mit der <\/span>J\u00f6chelspitzbahn in Bach<span style=\"font-size: 16px;\"> sowie <\/span>5 kleineren Schleppliften und \u00dcbungsliften <span style=\"font-size: 16px;\">stehen dir rund 14 Pistenkilometer zur Verf\u00fcgung.<\/span><\/span><\/div>\n<\/div>\n<\/div>\n<p>[\/vc_cta][\/vc_column_inner][\/vc_row_inner][vc_empty_space height=&#8221;80&#8243;][\/vc_column][vc_column width=&#8221;1\/6&#8243;][\/vc_column][\/vc_row][vc_row disable_element=&#8221;yes&#8221; css=&#8221;.vc_custom_1737032578264{margin-right: 5px !important;margin-left: 5px !important;}&#8221;][vc_column width=&#8221;1\/3&#8243;][\/vc_column][vc_column width=&#8221;1\/3&#8243;][vc_empty_space height=&#8221;50&#8243;][vc_custom_heading text=&#8221;LECHTALER&#8221; font_container=&#8221;tag:h2|font_size:20|text_align:center|color:%23A39687&#8243; google_fonts=&#8221;font_family:Roboto%3A100%2C100italic%2C300%2C300italic%2Cregular%2Citalic%2C500%2C500italic%2C700%2C700italic%2C900%2C900italic|font_style:400%20regular%3A400%3Anormal&#8221; css=&#8221;&#8221;][vc_custom_heading text=&#8221;WINTERZAUBERH\u00dcTTEN&#8221; font_container=&#8221;tag:h2|font_size:35|text_align:center|color:%23A39687&#8243; google_fonts=&#8221;font_family:Roboto%3A100%2C100italic%2C300%2C300italic%2Cregular%2Citalic%2C500%2C500italic%2C700%2C700italic%2C900%2C900italic|font_style:500%20bold%20regular%3A500%3Anormal&#8221; css=&#8221;.vc_custom_1737027161069{margin-top: -20px !important;}&#8221;][vc_empty_space height=&#8221;20&#8243;][vc_row_inner gap=&#8221;15&#8243;][vc_column_inner][vc_column_text css=&#8221;&#8221;]<\/p>\n<div class=\"Container_container___aGIG Breadcrumb_breadcrumb__ZRSMG Default_breadcrumb__bRExA\">\n<div class=\"Breadcrumb_wrapper__lszLm\">\n<div class=\"Container_container___aGIG Breadcrumb_breadcrumb__ZRSMG Default_breadcrumb__bRExA\">\n<div class=\"Breadcrumb_wrapper__lszLm\">\n<p style=\"text-align: center;\">Mitten in die winterliche Bergwelt f\u00fchren wundersch\u00f6ne Winterwanderungen zu 9 Winterzauberh\u00fctten, die auch in der wei\u00dfen Jahreszeit ge\u00f6ffnet sind. Die gastlichen Stuben und die gem\u00fctlichen Sonnenterrassen laden zur Einkehr ein und er\u00f6ffnen fantastische Panoramablicke auf die schneewei\u00dfe Bergkulisse und den t\u00fcrkis schimmernden Lech, unten im Tal.<\/p>\n<\/div>\n<\/div>\n<\/div>\n<\/div>\n<p>[\/vc_column_text][vc_btn title=&#8221;MEHR ERFAHREN&#8221; style=&#8221;outline-custom&#8221; outline_custom_color=&#8221;#BC2729&#8243; outline_custom_hover_background=&#8221;#BC2729&#8243; shape=&#8221;square&#8221; align=&#8221;center&#8221; css=&#8221;&#8221; link=&#8221;url:https%3A%2F%2Fwww.lechtal.at%2Fde%2Fregion%2Fwinterzauberhuetten-im-lechtal.html|target:_blank&#8221;][\/vc_column_inner][\/vc_row_inner][vc_empty_space height=&#8221;20&#8243;][\/vc_column][vc_column width=&#8221;1\/3&#8243;][\/vc_column][\/vc_row][vc_row disable_element=&#8221;yes&#8221;][vc_column width=&#8221;1\/6&#8243;][\/vc_column][vc_column width=&#8221;2\/3&#8243;][vc_row_inner][vc_column_inner width=&#8221;1\/3&#8243;][vc_cta h2=&#8221;KASERMANDL&#8221; h2_font_container=&#8221;tag:h2|font_size:20|text_align:center|color:%23FFFFFF&#8221; h2_google_fonts=&#8221;font_family:Roboto%3A100%2C100italic%2C300%2C300italic%2Cregular%2Citalic%2C500%2C500italic%2C700%2C700italic%2C900%2C900italic|font_style:500%20bold%20regular%3A500%3Anormal&#8221; shape=&#8221;square&#8221; style=&#8221;custom&#8221; css=&#8221;.vc_custom_1736502402976{border-top-width: 1px !important;border-right-width: 1px !important;border-bottom-width: 1px !important;border-left-width: 1px !important;border-color: #BC2729 !important;}&#8221; use_custom_fonts_h2=&#8221;true&#8221; custom_background=&#8221;#BC2729&#8243; custom_text=&#8221;#FFFFFF&#8221;]<\/p>\n<div class=\"Container_container___aGIG Breadcrumb_breadcrumb__ZRSMG Default_breadcrumb__bRExA\">\n<div class=\"Breadcrumb_wrapper__lszLm\">\n<div class=\"page\" title=\"Page 27\">\n<div class=\"layoutArea\">\n<div class=\"column\">\n<div class=\"page\" title=\"Page 27\">\n<div class=\"layoutArea\">\n<div class=\"column\">\n<p style=\"text-align: center;\"><span style=\"color: #ffffff;\"><strong>Gehzeit:<\/strong> ca. 1:30 h<\/span><br \/>\n<span style=\"color: #ffffff;\"><strong>Strecke:<\/strong> 2,5 km<\/span><\/p>\n<\/div>\n<\/div>\n<\/div>\n<\/div>\n<\/div>\n<\/div>\n<\/div>\n<\/div>\n<p>[\/vc_cta][\/vc_column_inner][vc_column_inner width=&#8221;1\/3&#8243;][vc_cta h2=&#8221;GIBLER ALM&#8221; h2_font_container=&#8221;tag:h2|font_size:20|text_align:center|color:%23FFFFFF&#8221; h2_google_fonts=&#8221;font_family:Roboto%3A100%2C100italic%2C300%2C300italic%2Cregular%2Citalic%2C500%2C500italic%2C700%2C700italic%2C900%2C900italic|font_style:500%20bold%20regular%3A500%3Anormal&#8221; shape=&#8221;square&#8221; style=&#8221;custom&#8221; css=&#8221;.vc_custom_1736502444867{border-top-width: 1px !important;border-right-width: 1px !important;border-bottom-width: 1px !important;border-left-width: 1px !important;border-color: #BC2729 !important;}&#8221; use_custom_fonts_h2=&#8221;true&#8221; custom_background=&#8221;#BC2729&#8243; custom_text=&#8221;#FFFFFF&#8221;]<\/p>\n<div class=\"Container_container___aGIG Breadcrumb_breadcrumb__ZRSMG Default_breadcrumb__bRExA\">\n<div class=\"Breadcrumb_wrapper__lszLm\">\n<div class=\"page\" title=\"Page 27\">\n<div class=\"layoutArea\">\n<div class=\"column\">\n<div class=\"page\" title=\"Page 27\">\n<div class=\"layoutArea\">\n<div class=\"column\">\n<p style=\"text-align: center;\"><span style=\"color: #ffffff;\"><strong>Gehzeit:<\/strong> ca. 0:40 h<\/span><br \/>\n<span style=\"color: #ffffff;\"><strong>Strecke:<\/strong> 1,4 km<\/span><\/p>\n<\/div>\n<\/div>\n<\/div>\n<\/div>\n<\/div>\n<\/div>\n<\/div>\n<\/div>\n<p>[\/vc_cta][\/vc_column_inner][vc_column_inner width=&#8221;1\/3&#8243;][vc_cta h2=&#8221;BERNHARDSECK&#8221; h2_font_container=&#8221;tag:h2|font_size:20|text_align:center|color:%23FFFFFF&#8221; h2_google_fonts=&#8221;font_family:Roboto%3A100%2C100italic%2C300%2C300italic%2Cregular%2Citalic%2C500%2C500italic%2C700%2C700italic%2C900%2C900italic|font_style:500%20bold%20regular%3A500%3Anormal&#8221; shape=&#8221;square&#8221; style=&#8221;custom&#8221; css=&#8221;.vc_custom_1736502475210{border-top-width: 1px !important;border-right-width: 1px !important;border-bottom-width: 1px !important;border-left-width: 1px !important;border-color: #BC2729 !important;}&#8221; use_custom_fonts_h2=&#8221;true&#8221; custom_background=&#8221;#BC2729&#8243; custom_text=&#8221;#FFFFFF&#8221;]<\/p>\n<div class=\"Container_container___aGIG Breadcrumb_breadcrumb__ZRSMG Default_breadcrumb__bRExA\">\n<div class=\"Breadcrumb_wrapper__lszLm\">\n<div class=\"page\" title=\"Page 27\">\n<div class=\"layoutArea\">\n<div class=\"column\">\n<div class=\"page\" title=\"Page 27\">\n<div class=\"layoutArea\">\n<div class=\"column\">\n<p style=\"text-align: center;\"><span style=\"color: #ffffff;\"><strong>Gehzeit:<\/strong> ca. 2:30 h<\/span><br \/>\n<span style=\"color: #ffffff;\"><strong>Strecke:<\/strong> 5,5 km<\/span><\/p>\n<\/div>\n<\/div>\n<\/div>\n<\/div>\n<\/div>\n<\/div>\n<\/div>\n<\/div>\n<p>[\/vc_cta][\/vc_column_inner][\/vc_row_inner][vc_empty_space height=&#8221;50&#8243;][\/vc_column][vc_column width=&#8221;1\/6&#8243;][\/vc_column][\/vc_row][vc_row full_width=&#8221;stretch_row_content&#8221; css=&#8221;.vc_custom_1738596154691{margin-top: -100px !important;margin-bottom: -10px !important;background-image: url(https:\/\/imlechtal.at\/wp-content\/uploads\/2025\/02\/Berge_panorama3.png?id=478) !important;background-position: center !important;background-repeat: no-repeat !important;background-size: cover !important;}&#8221;][vc_column][vc_empty_space height=&#8221;270&#8243;][\/vc_column][\/vc_row]<\/p>\n<\/div>","protected":false},"excerpt":{"rendered":"<p>[vc_row css=&#8221;.vc_custom_1736503663254{margin-right: 5px !important;margin-left: 5px !important;}&#8221;][vc_column width=&#8221;1\/3&#8243;][\/vc_column][vc_column width=&#8221;1\/3&#8243;][vc_empty_space height=&#8221;50&#8243;][vc_custom_heading text=&#8221;LECHTALER&#8221; font_container=&#8221;tag:h2|font_size:20|text_align:center|color:%23A39687&#8243; use_theme_fonts=&#8221;yes&#8221; css=&#8221;&#8221;][vc_custom_heading text=&#8221;SKIGEBIEDEN&#8221; font_container=&#8221;tag:h2|font_size:35|text_align:center|color:%23A39687&#8243; use_theme_fonts=&#8221;yes&#8221; css=&#8221;.vc_custom_1740988637500{margin-top: -20px !important;}&#8221;][vc_empty_space height=&#8221;20&#8243;][vc_row_inner gap=&#8221;15&#8243;][vc_column_inner][vc_column_text css=&#8221;&#8221;] De perfect geprepareerde pistes maken het afdalen van de besneeuwde hellingen tot een waar genoegen. In de skigebieden van het Lechtal kunnen kleine en grote skiliefhebbers in alle [&hellip;]<\/p>\n","protected":false},"author":2,"featured_media":798,"parent":0,"menu_order":0,"comment_status":"closed","ping_status":"closed","template":"page-templates\/full-width-builder-bb.php","meta":{"inspiro_page_layout":"narrow","inspiro_hide_title":false,"footnotes":""},"class_list":["post-1173","page","type-page","status-publish","has-post-thumbnail","hentry"],"yoast_head":"<!-- This site is optimized with the Yoast SEO plugin v27.0 - https:\/\/yoast.com\/product\/yoast-seo-wordpress\/ -->\n<title>Skien - Hotel Panorama<\/title>\n<meta name=\"robots\" content=\"index, follow, max-snippet:-1, max-image-preview:large, max-video-preview:-1\" \/>\n<link rel=\"canonical\" href=\"https:\/\/imlechtal.at\/nl\/skifahren\/\" \/>\n<meta property=\"og:locale\" content=\"nl_NL\" \/>\n<meta property=\"og:type\" content=\"article\" \/>\n<meta property=\"og:title\" content=\"Skien - Hotel Panorama\" \/>\n<meta property=\"og:description\" content=\"[vc_row css=&#8221;.vc_custom_1736503663254{margin-right: 5px !important;margin-left: 5px !important;}&#8221;][vc_column width=&#8221;1\/3&#8243;][\/vc_column][vc_column width=&#8221;1\/3&#8243;][vc_empty_space height=&#8221;50&#8243;][vc_custom_heading text=&#8221;LECHTALER&#8221; font_container=&#8221;tag:h2|font_size:20|text_align:center|color:%23A39687&#8243; use_theme_fonts=&#8221;yes&#8221; css=&#8221;&#8221;][vc_custom_heading text=&#8221;SKIGEBIEDEN&#8221; font_container=&#8221;tag:h2|font_size:35|text_align:center|color:%23A39687&#8243; use_theme_fonts=&#8221;yes&#8221; css=&#8221;.vc_custom_1740988637500{margin-top: -20px !important;}&#8221;][vc_empty_space height=&#8221;20&#8243;][vc_row_inner gap=&#8221;15&#8243;][vc_column_inner][vc_column_text css=&#8221;&#8221;] De perfect geprepareerde pistes maken het afdalen van de besneeuwde hellingen tot een waar genoegen. In de skigebieden van het Lechtal kunnen kleine en grote skiliefhebbers in alle [&hellip;]\" \/>\n<meta property=\"og:url\" content=\"https:\/\/imlechtal.at\/nl\/skifahren\/\" \/>\n<meta property=\"og:site_name\" content=\"Hotel Panorama\" \/>\n<meta property=\"article:modified_time\" content=\"2025-03-03T07:58:15+00:00\" \/>\n<meta property=\"og:image\" content=\"https:\/\/imlechtal.at\/wp-content\/uploads\/2025\/01\/Hotel_Panorama_Ski-e1737030165395.jpg\" \/>\n\t<meta property=\"og:image:width\" content=\"1900\" \/>\n\t<meta property=\"og:image:height\" content=\"1007\" \/>\n\t<meta property=\"og:image:type\" content=\"image\/jpeg\" \/>\n<meta name=\"twitter:card\" content=\"summary_large_image\" \/>\n<meta name=\"twitter:label1\" content=\"Geschatte leestijd\" \/>\n\t<meta name=\"twitter:data1\" content=\"5 minuten\" \/>\n<script type=\"application\/ld+json\" class=\"yoast-schema-graph\">{\"@context\":\"https:\/\/schema.org\",\"@graph\":[{\"@type\":\"WebPage\",\"@id\":\"https:\/\/imlechtal.at\/nl\/skifahren\/\",\"url\":\"https:\/\/imlechtal.at\/nl\/skifahren\/\",\"name\":\"Skien - Hotel Panorama\",\"isPartOf\":{\"@id\":\"https:\/\/imlechtal.at\/nl\/#website\"},\"primaryImageOfPage\":{\"@id\":\"https:\/\/imlechtal.at\/nl\/skifahren\/#primaryimage\"},\"image\":{\"@id\":\"https:\/\/imlechtal.at\/nl\/skifahren\/#primaryimage\"},\"thumbnailUrl\":\"https:\/\/imlechtal.at\/wp-content\/uploads\/2025\/01\/Hotel_Panorama_Ski-e1737030165395.jpg\",\"datePublished\":\"2025-01-16T12:59:38+00:00\",\"dateModified\":\"2025-03-03T07:58:15+00:00\",\"breadcrumb\":{\"@id\":\"https:\/\/imlechtal.at\/nl\/skifahren\/#breadcrumb\"},\"inLanguage\":\"nl-NL\",\"potentialAction\":[{\"@type\":\"ReadAction\",\"target\":[\"https:\/\/imlechtal.at\/nl\/skifahren\/\"]}]},{\"@type\":\"ImageObject\",\"inLanguage\":\"nl-NL\",\"@id\":\"https:\/\/imlechtal.at\/nl\/skifahren\/#primaryimage\",\"url\":\"https:\/\/imlechtal.at\/wp-content\/uploads\/2025\/01\/Hotel_Panorama_Ski-e1737030165395.jpg\",\"contentUrl\":\"https:\/\/imlechtal.at\/wp-content\/uploads\/2025\/01\/Hotel_Panorama_Ski-e1737030165395.jpg\",\"width\":1900,\"height\":1007},{\"@type\":\"BreadcrumbList\",\"@id\":\"https:\/\/imlechtal.at\/nl\/skifahren\/#breadcrumb\",\"itemListElement\":[{\"@type\":\"ListItem\",\"position\":1,\"name\":\"Startseite\",\"item\":\"https:\/\/imlechtal.at\/nl\/\"},{\"@type\":\"ListItem\",\"position\":2,\"name\":\"Skien\"}]},{\"@type\":\"WebSite\",\"@id\":\"https:\/\/imlechtal.at\/nl\/#website\",\"url\":\"https:\/\/imlechtal.at\/nl\/\",\"name\":\"Hotel Panorama\",\"description\":\"\",\"publisher\":{\"@id\":\"https:\/\/imlechtal.at\/nl\/#organization\"},\"potentialAction\":[{\"@type\":\"SearchAction\",\"target\":{\"@type\":\"EntryPoint\",\"urlTemplate\":\"https:\/\/imlechtal.at\/nl\/?s={search_term_string}\"},\"query-input\":{\"@type\":\"PropertyValueSpecification\",\"valueRequired\":true,\"valueName\":\"search_term_string\"}}],\"inLanguage\":\"nl-NL\"},{\"@type\":\"Organization\",\"@id\":\"https:\/\/imlechtal.at\/nl\/#organization\",\"name\":\"Hotel Panorama\",\"url\":\"https:\/\/imlechtal.at\/nl\/\",\"logo\":{\"@type\":\"ImageObject\",\"inLanguage\":\"nl-NL\",\"@id\":\"https:\/\/imlechtal.at\/nl\/#\/schema\/logo\/image\/\",\"url\":\"https:\/\/imlechtal.at\/wp-content\/uploads\/2024\/12\/Hotel_Panorama_Logo_weiss.png\",\"contentUrl\":\"https:\/\/imlechtal.at\/wp-content\/uploads\/2024\/12\/Hotel_Panorama_Logo_weiss.png\",\"width\":600,\"height\":200,\"caption\":\"Hotel Panorama\"},\"image\":{\"@id\":\"https:\/\/imlechtal.at\/nl\/#\/schema\/logo\/image\/\"}}]}<\/script>\n<!-- \/ Yoast SEO plugin. -->","yoast_head_json":{"title":"Skien - Hotel Panorama","robots":{"index":"index","follow":"follow","max-snippet":"max-snippet:-1","max-image-preview":"max-image-preview:large","max-video-preview":"max-video-preview:-1"},"canonical":"https:\/\/imlechtal.at\/nl\/skifahren\/","og_locale":"nl_NL","og_type":"article","og_title":"Skien - Hotel Panorama","og_description":"[vc_row css=&#8221;.vc_custom_1736503663254{margin-right: 5px !important;margin-left: 5px !important;}&#8221;][vc_column width=&#8221;1\/3&#8243;][\/vc_column][vc_column width=&#8221;1\/3&#8243;][vc_empty_space height=&#8221;50&#8243;][vc_custom_heading text=&#8221;LECHTALER&#8221; font_container=&#8221;tag:h2|font_size:20|text_align:center|color:%23A39687&#8243; use_theme_fonts=&#8221;yes&#8221; css=&#8221;&#8221;][vc_custom_heading text=&#8221;SKIGEBIEDEN&#8221; font_container=&#8221;tag:h2|font_size:35|text_align:center|color:%23A39687&#8243; use_theme_fonts=&#8221;yes&#8221; css=&#8221;.vc_custom_1740988637500{margin-top: -20px !important;}&#8221;][vc_empty_space height=&#8221;20&#8243;][vc_row_inner gap=&#8221;15&#8243;][vc_column_inner][vc_column_text css=&#8221;&#8221;] De perfect geprepareerde pistes maken het afdalen van de besneeuwde hellingen tot een waar genoegen. In de skigebieden van het Lechtal kunnen kleine en grote skiliefhebbers in alle [&hellip;]","og_url":"https:\/\/imlechtal.at\/nl\/skifahren\/","og_site_name":"Hotel Panorama","article_modified_time":"2025-03-03T07:58:15+00:00","og_image":[{"width":1900,"height":1007,"url":"https:\/\/imlechtal.at\/wp-content\/uploads\/2025\/01\/Hotel_Panorama_Ski-e1737030165395.jpg","type":"image\/jpeg"}],"twitter_card":"summary_large_image","twitter_misc":{"Geschatte leestijd":"5 minuten"},"schema":{"@context":"https:\/\/schema.org","@graph":[{"@type":"WebPage","@id":"https:\/\/imlechtal.at\/nl\/skifahren\/","url":"https:\/\/imlechtal.at\/nl\/skifahren\/","name":"Skien - Hotel Panorama","isPartOf":{"@id":"https:\/\/imlechtal.at\/nl\/#website"},"primaryImageOfPage":{"@id":"https:\/\/imlechtal.at\/nl\/skifahren\/#primaryimage"},"image":{"@id":"https:\/\/imlechtal.at\/nl\/skifahren\/#primaryimage"},"thumbnailUrl":"https:\/\/imlechtal.at\/wp-content\/uploads\/2025\/01\/Hotel_Panorama_Ski-e1737030165395.jpg","datePublished":"2025-01-16T12:59:38+00:00","dateModified":"2025-03-03T07:58:15+00:00","breadcrumb":{"@id":"https:\/\/imlechtal.at\/nl\/skifahren\/#breadcrumb"},"inLanguage":"nl-NL","potentialAction":[{"@type":"ReadAction","target":["https:\/\/imlechtal.at\/nl\/skifahren\/"]}]},{"@type":"ImageObject","inLanguage":"nl-NL","@id":"https:\/\/imlechtal.at\/nl\/skifahren\/#primaryimage","url":"https:\/\/imlechtal.at\/wp-content\/uploads\/2025\/01\/Hotel_Panorama_Ski-e1737030165395.jpg","contentUrl":"https:\/\/imlechtal.at\/wp-content\/uploads\/2025\/01\/Hotel_Panorama_Ski-e1737030165395.jpg","width":1900,"height":1007},{"@type":"BreadcrumbList","@id":"https:\/\/imlechtal.at\/nl\/skifahren\/#breadcrumb","itemListElement":[{"@type":"ListItem","position":1,"name":"Startseite","item":"https:\/\/imlechtal.at\/nl\/"},{"@type":"ListItem","position":2,"name":"Skien"}]},{"@type":"WebSite","@id":"https:\/\/imlechtal.at\/nl\/#website","url":"https:\/\/imlechtal.at\/nl\/","name":"Hotel Panorama","description":"","publisher":{"@id":"https:\/\/imlechtal.at\/nl\/#organization"},"potentialAction":[{"@type":"SearchAction","target":{"@type":"EntryPoint","urlTemplate":"https:\/\/imlechtal.at\/nl\/?s={search_term_string}"},"query-input":{"@type":"PropertyValueSpecification","valueRequired":true,"valueName":"search_term_string"}}],"inLanguage":"nl-NL"},{"@type":"Organization","@id":"https:\/\/imlechtal.at\/nl\/#organization","name":"Hotel Panorama","url":"https:\/\/imlechtal.at\/nl\/","logo":{"@type":"ImageObject","inLanguage":"nl-NL","@id":"https:\/\/imlechtal.at\/nl\/#\/schema\/logo\/image\/","url":"https:\/\/imlechtal.at\/wp-content\/uploads\/2024\/12\/Hotel_Panorama_Logo_weiss.png","contentUrl":"https:\/\/imlechtal.at\/wp-content\/uploads\/2024\/12\/Hotel_Panorama_Logo_weiss.png","width":600,"height":200,"caption":"Hotel Panorama"},"image":{"@id":"https:\/\/imlechtal.at\/nl\/#\/schema\/logo\/image\/"}}]}},"_links":{"self":[{"href":"https:\/\/imlechtal.at\/nl\/wp-json\/wp\/v2\/pages\/1173","targetHints":{"allow":["GET"]}}],"collection":[{"href":"https:\/\/imlechtal.at\/nl\/wp-json\/wp\/v2\/pages"}],"about":[{"href":"https:\/\/imlechtal.at\/nl\/wp-json\/wp\/v2\/types\/page"}],"author":[{"embeddable":true,"href":"https:\/\/imlechtal.at\/nl\/wp-json\/wp\/v2\/users\/2"}],"replies":[{"embeddable":true,"href":"https:\/\/imlechtal.at\/nl\/wp-json\/wp\/v2\/comments?post=1173"}],"version-history":[{"count":7,"href":"https:\/\/imlechtal.at\/nl\/wp-json\/wp\/v2\/pages\/1173\/revisions"}],"predecessor-version":[{"id":1488,"href":"https:\/\/imlechtal.at\/nl\/wp-json\/wp\/v2\/pages\/1173\/revisions\/1488"}],"wp:featuredmedia":[{"embeddable":true,"href":"https:\/\/imlechtal.at\/nl\/wp-json\/wp\/v2\/media\/798"}],"wp:attachment":[{"href":"https:\/\/imlechtal.at\/nl\/wp-json\/wp\/v2\/media?parent=1173"}],"curies":[{"name":"wp","href":"https:\/\/api.w.org\/{rel}","templated":true}]}}